{"id":959,"date":"2011-05-27T14:24:55","date_gmt":"2011-05-27T17:24:55","guid":{"rendered":"http:\/\/www.rcub.com.br\/rcub\/?page_id=959"},"modified":"2011-05-27T14:24:55","modified_gmt":"2011-05-27T17:24:55","slug":"ana-de-kiev","status":"publish","type":"page","link":"http:\/\/www.rcub.com.br\/rcub\/cultura\/personalidades\/ana-de-kiev\/","title":{"rendered":"Ana de Kiev"},"content":{"rendered":"<p><a rel=\"lightbox[slb_959]\" href=\"http:\/\/www.rcub.com.br\/rcub\/wp-content\/uploads\/2011\/05\/anakiev.jpg\"><img loading=\"lazy\" class=\"alignright size-full wp-image-960\" title=\"anakiev\" src=\"http:\/\/www.rcub.com.br\/rcub\/wp-content\/uploads\/2011\/05\/anakiev.jpg\" alt=\"\" width=\"208\" height=\"287\" \/><\/a>Ana de Kiev, Ana da R\u00fassia, ou ainda Anna Yaroslavna (em russo: \u0410\u043d\u043d\u0430 \u042f\u0440\u043e\u0441\u043b\u0430\u0432\u043d\u0430; Kiev, entre 1024, 1032 ou 1036 \u2013 1075, 1076, 1079 ou 1089), foi rainha consorte de Fran\u00e7a, casada com Henrique I de Fran\u00e7a, e regente durante os primeiros anos do reinado do seu filho Filipe I de Fran\u00e7a. Era filha do Gr\u00e3o-Pr\u00edncipe de Kiev Yaroslav I, o S\u00e1bio, e da princesa Ingegerda da Su\u00e9cia (Ingegerd Olofsdotter).<\/p>\n<p>Ap\u00f3s a morte de Matilde da Fr\u00edsia, sua primeira esposa, Henrique I de Fran\u00e7a procurou uma esposa adequada nas cortes da Europa, mas n\u00e3o conseguiu encontrar uma princesa que n\u00e3o lhe fosse relacionada por parentesco ilegal. Por fim enviou uma embaixada \u00e0 distante Kiev, que regressou com Ana (tamb\u00e9m chamada de In\u00eas). Apesar da sua f\u00e9 ortodoxa, diferente da f\u00e9 cat\u00f3lica romana de Henrique (que entrariam em conflito no Grande Cisma do Oriente de 1054), casaram-se na catedral de Reims a 19 de Maio de 1051 e tiveram a seguinte descend\u00eancia:<\/p>\n<p>&gt; Filipe I de Fran\u00e7a (1052-1108), sucessor do pai no trono franc\u00eas<\/p>\n<p>&gt; Roberto (1054-1063)<\/p>\n<p>&gt; Ema (1055-1109) [1][2]<\/p>\n<p>&gt; Hugo I, conde de Vermandois (1057-1101), casou-se com Adelaide de Vermandois e morreu na Cruzada de 1101<\/p>\n<p>O primog\u00e9nito foi o primeiro pr\u00edncipe da Europa ocidental a receber o prenome &#8211; na \u00e9poca ex\u00f3tico &#8211; de Filipe, cuja escolha \u00e9 atribu\u00edda a Ana. A sua av\u00f3 materna era descendente da dinastia maced\u00f3nica de Biz\u00e2ncio, que afirmava remontar a Alexandre o Grande e a Filipe da Maced\u00f3nia, e na qual este nome era comum. [2]<\/p>\n<p>Depois da morte do seu esposo em 1060, foi regente do seu filho Filipe I, com apenas sete anos de idade, sendo a primeira rainha de Fran\u00e7a a desempenhar essa fun\u00e7\u00e3o, juntamente com o seu cunhado Baldu\u00edno V, conde da Flandres. Era uma mulher alfabetizada, o que era raro no seu tempo, mas havia alguma oposi\u00e7\u00e3o \u00e0 sua reg\u00eancia declarando que o seu dom\u00ednio da l\u00edngua francesa n\u00e3o era adequado.<\/p>\n<p>Um ano ap\u00f3s a morte de Henrique I, Ana enamorou-se do conde Ra\u00fal III de Valois, cuja ambi\u00e7\u00e3o pol\u00edtica o encorajou a repudiar sua esposa para casar-se com Ana em 1063. Ana foi acusada de adult\u00e9rio pela ex-esposa de Ra\u00fal, que apelou ao papa Alexandre II. Este excomungou o casal em 1064, [2] mas o jovem rei Filipe perdoaria a sua m\u00e3e, e curiosamente seria tamb\u00e9m excomungado mais tarde por motivos semelhantes. Ana mandou construir uma igreja consagrada em 1065, e uma abadia dedicada a S\u00e3o Vicente. Quando Ra\u00fal morreu, em Setembro de 1074, regressou \u00e0 corte francesa.<\/p>\n<p>Morreu em data incerta, 1075, 1076, 1079 ou 1089, segundo diferentes fontes. Foi sepultada na abadia de Villiers, Cerny, Essonne. [3] Abadia de Villiers foi destru\u00edda na revolu\u00e7\u00e3o francesa depois de ser votada na assembleia nacional uma lei\/decreto sobre a destrui\u00e7\u00e3o de mausol\u00e9us. Posteriormente as pedras ser\u00e3o usadas para a constru\u00e7\u00e3o de casas em La-Ferte-Alais, uma localidade pr\u00f3xima \u00e0 abadia.<\/p>\n<p>&nbsp;<\/p>\n<p>Fonte: Wikipedia<\/p>\n<p>&nbsp;<\/p>\n","protected":false},"excerpt":{"rendered":"<p>Ana de Kiev, Ana da R\u00fassia, ou ainda Anna Yaroslavna (em russo: \u0410\u043d\u043d\u0430 \u042f\u0440\u043e\u0441\u043b\u0430\u0432\u043d\u0430; Kiev, entre 1024, 1032 ou 1036 \u2013 1075, 1076, 1079 ou 1089), foi rainha consorte de [&hellip;]<\/p>\n","protected":false},"author":1,"featured_media":0,"parent":623,"menu_order":0,"comment_status":"open","ping_status":"open","template":"","meta":[],"_links":{"self":[{"href":"http:\/\/www.rcub.com.br\/rcub\/wp-json\/wp\/v2\/pages\/959"}],"collection":[{"href":"http:\/\/www.rcub.com.br\/rcub\/wp-json\/wp\/v2\/pages"}],"about":[{"href":"http:\/\/www.rcub.com.br\/rcub\/wp-json\/wp\/v2\/types\/page"}],"author":[{"embeddable":true,"href":"http:\/\/www.rcub.com.br\/rcub\/wp-json\/wp\/v2\/users\/1"}],"replies":[{"embeddable":true,"href":"http:\/\/www.rcub.com.br\/rcub\/wp-json\/wp\/v2\/comments?post=959"}],"version-history":[{"count":1,"href":"http:\/\/www.rcub.com.br\/rcub\/wp-json\/wp\/v2\/pages\/959\/revisions"}],"predecessor-version":[{"id":963,"href":"http:\/\/www.rcub.com.br\/rcub\/wp-json\/wp\/v2\/pages\/959\/revisions\/963"}],"up":[{"embeddable":true,"href":"http:\/\/www.rcub.com.br\/rcub\/wp-json\/wp\/v2\/pages\/623"}],"wp:attachment":[{"href":"http:\/\/www.rcub.com.br\/rcub\/wp-json\/wp\/v2\/media?parent=959"}],"curies":[{"name":"wp","href":"https:\/\/api.w.org\/{rel}","templated":true}]}}