{"id":913,"date":"2011-05-27T11:11:42","date_gmt":"2011-05-27T14:11:42","guid":{"rendered":"http:\/\/www.rcub.com.br\/rcub\/?page_id=913"},"modified":"2011-05-27T11:11:42","modified_gmt":"2011-05-27T14:11:42","slug":"ambrosio-choma","status":"publish","type":"page","link":"http:\/\/www.rcub.com.br\/rcub\/cultura\/personalidades\/ambrosio-choma\/","title":{"rendered":"Ambr\u00f3sio Choma"},"content":{"rendered":"<p>Ambrosio Choma, filho de Pedro e Dorot\u00e9a Szpak Choma, nasceu em Mallet, PR., no dia 10 de dezembro de 1928. Era o segundo filho do casal, tendo como seu irm\u00e3o mais velho, Pedro Choma J\u00fanior, nascido em 14 de setembro de 1927. Al\u00e9m do irm\u00e3o Pedro J\u00fanior, teve mais cinco irm\u00e3os: Dion\u00edsio, Ana (nascida em 1933 e falecida em 05\/10\/2007), L\u00e9o, An\u00edsia Maria e Dorot\u00e9ia Edi. Na \u00e9poca do nascimento de Ambrosio, seu pai Pedro era dono de uma ferraria e a m\u00e3e Dorot\u00e9a era professora estadual no Grupo Escolar Dario Veloso na cidade de Mallet.<\/p>\n<p>No ano de 1936, seus pais adquiriram um pequeno estabelecimento comercial de um visinho chamado Nicolau Sembay e venderam a ferraria a um dos empregados. Nessa \u00e9poca Ambrosio estudou nos dois primeiros anos do curso prim\u00e1rio na escola das Irm\u00e3s ucranianas Servas de Maria Imaculada na sua cidade natal. No ano de 1938, Ambrosio e seu irm\u00e3o Pedro J\u00fanior foram levados \u00e0 cidade de Prudent\u00f3polis, PR, e matriculados na turma de meninos internos no Col\u00e9gio Santos Anjos, das Irm\u00e3s Servas de Maria Imaculada. Estudou nesse col\u00e9gio no per\u00edodo letivo de 1938, tendo como sua professora na terceira classe a saudosa Irm\u00e3 Val\u00e9ria Borstch. No ano seguinte (1939), seus pais transferiram os dois filhos para o Semin\u00e1rio Menor S\u00e3o Jos\u00e9, dos Padres ucranianos da Ordem de S\u00e3o Bas\u00edlio Magno (Basilianos), ent\u00e3o dirigido pelo saudoso Pe. Josafat Roga. O principal professor do 4\u00ba ano b\u00e1sico foi o Pe. Jos\u00e9 Martenetz que, posteriormente foi sagrado bispo e exerceu os cargos de exarca, e em seguida, de eparca da Igreja Cat\u00f3lica Ucraniana no Brasil. No final do ano, os alunos foram convidados a declararem se j\u00e1 sentiam sinais de voca\u00e7\u00e3o para a vida sacerdotal. Os que se manifestaram positivamente, teriam a matr\u00edcula garantida como estudantes seminaristas no ano seguinte, enquanto os demais foram liberados para retornarem \u00e0s suas casas.<\/p>\n<p>Por sugest\u00e3o do Pe. Clemente Preima, ent\u00e3o p\u00e1roco da igreja cat\u00f3lica ucraniana do Sagrado Cora\u00e7\u00e3o de Jesus, de Mallet, em 1940 os pais, Pedro e Dorot\u00e9a levaram os dois filhos \u00e0 cidade de Castro, PR, e os matricularam no Gin\u00e1sio Diocesano de Santa Cruz, cujo diretor era o Pe. Francisco Salache. Nesse estabelecimento de ensino, Ambrosio cursou os dois primeiros anos do curso ginasial. Nos anos de 1942 e 1943, ambos irm\u00e3os estudaram no Internato do Gin\u00e1sio Paranaense, dos Irm\u00e3os Maristas, em Curitiba, onde coclu\u00edram o curso ginasial.<\/p>\n<p>Nos anos de 1944 a 1946, freq\u00fcentou o curso cient\u00edfico no Col\u00e9gio Estadual do Paran\u00e1 e \u00e0 noite, tamb\u00e9m fez o curso de Contabilidade na Escola De Pl\u00e1cido e Silva. No in\u00edcio de 1947 ingressou no Curso de Qu\u00edmica Industrial no antigo Instituto de Qu\u00edmica do Paran\u00e1 (situado no bairro do Bacacheri da capital).<\/p>\n<p>Em 1958, ingressou no curso de Intend\u00eancia do Centro de Prepara\u00e7\u00e3o de Oficiais da Reserva do Ex\u00e9rcito (C.P.O.R). Foi declarado Aspirante a Oficial em 1949, tendo ganho o Pr\u00eamio Correia Lima da corpora\u00e7\u00e3o como o aluno n\u00ba 1 entre 208 aspirantes a oficial do C.P.O.R de Curitiba.<\/p>\n<p>Durante o ano de 1950 fez est\u00e1gio nos laborat\u00f3rios de qu\u00edmica do Instituto Brasileiro de Pesquisas Tecnol\u00f3gicas do Paran\u00e1 &#8211; IBPT, atual TECPAR. Concluiu o curso superior de Qu\u00edmica Industrial (de 4 anos) em dezembro de 1950. No dia 30 desse mesmo ano (Ano Santo da Igreja Cat\u00f3lica), casou-se com a professora normalista Ada, filha dos casal ucraniano Alexandre e Olga Kotzovski.<\/p>\n<p>No in\u00edcio do ano de 1951, seguiu junto com a sua jovem esposa para a cidade de S\u00e3o Paulo com o objetivo de conseguir um emprego na profiss\u00e3o de Qu\u00edmico Industrial. Todavia, naquela \u00e9poca, as vagas para os profissionais da \u00e1rea de qu\u00edmica eram \u00ednfimas, por isso, desistiu dessa profiss\u00e3o e regressou ao Paran\u00e1 para trabalhar no com\u00e9rcio mantido pela fam\u00edlia em cidades no sul do Estado. Foi designado s\u00f3cio-gerente da casa comercial  \u201cCasa Choma\u201d, na cidade de Rio Azul. (Como o Instituto de Qu\u00edmica do Paran\u00e1, foi incorporado \u00e0 Universidade Federal e o curso de Qu\u00edmica Industrial passou a ser de Engenharia Qu\u00edmica, em 1958 Ambrosio submeteu-se aos exames das mat\u00e9rias que n\u00e3o faziam parte do curr\u00edculo em que ele se formou, ent\u00e3o recebeu o diploma de Eng\u00ba. Qu\u00edmico pela UFPR). Ao chegar a Rio Azul em 1951, seu plano era viver ali durante um ou dois anos, at\u00e9 encontrar uma boa coloca\u00e7\u00e3o como qu\u00edmico. Entretanto,  acabou gostando da vida na pequena cidade, onde sua esposa Ada foi fundadora e diretora da Escola Normal Regional, acabou vivendo ali durante dez anos. Durante os dez anos de vida em Rio Azul , o casal participou intensamente da vida social e comunit\u00e1ria, junto \u00e0 popula\u00e7\u00e3o. Em Rio Azul nasceram quatro dos seus cinco filhos, Ambrosio Filho (falecido em 1997), Carlos Augusto, Ada Inez e Alexandre Pedro, o quinto, Ivan,  nasceu depois que o casal mudou-se para a capital do Estado (em 1961).<\/p>\n<p>No ano de 1954, o Revm\u00ba. Pe. Valdomiro Haneiko, que residia em Mallet e era um grande amigo da fam\u00edlia Choma, convenceu Ambrosio a concorrer \u00e0 elei\u00e7\u00e3o para o cargo de deputado estadual, pelo rec\u00e9m constitu\u00eddo Partido Democrata Crist\u00e3o (PDC). Aceitou essa incumb\u00eancia, por\u00e9m, como o partido contava com poucos candidatos, foi eleito apenas um deputado, Rafael Kulisky, lan\u00e7ado pelo diret\u00f3rio municipal de Prudent\u00f3polis. Ambrosio n\u00e3o foi eleito e s\u00f3 alcan\u00e7ou a segunda supl\u00eancia. Posteriormente, no ano de 1958, o Pe. Haneiko, que ent\u00e3o residia na cidade de Apucarana e exercia o cargo de Inspetor Regional da Secretaria de Educa\u00e7\u00e3o no norte do Estado, insistiu para que Ambrosio se candidatasse novamente. Alegou que o prefeito de Curitiba, Major Ney Braga, ingressara no PDC e passara a comand\u00e1-lo politicamente e pedira ao padre para que convencesse Ambrosio a se candidatar outra vez a deputado estadual. O pr\u00f3prio Prefeito Ney Braga, insistiu pessoalmente nesse assunto e acabou convencendo Ambrosio a concorrer, alegando que, com o apoio do Pe. Haneiko e das demais lideran\u00e7as da comunidade ucraniana, a elei\u00e7\u00e3o estaria garantida. Realmente, tudo indicava que tal fato aconteceria sem maiores dificuldades. Todavia, isso n\u00e3o ocorreu porque a popula\u00e7\u00e3o de Apucarana, que reconhecia o grande prest\u00edgio do Pe. Valdomiro Haneiko em seu meio, insistiu que fosse ele o candidato da regi\u00e3o norte para a Assembl\u00e9ia Legislativa. Faltavam menos de dois meses para a elei\u00e7\u00e3o, &#8212; que se realizaria no dia 03 de outubro de 1958  &#8212; quando o PDC registrou a candidatura do Pe. Haneiko. Com isso, Ambrosio deixou de contar com o apoio do seu maior cabo eleitoral e n\u00e3o conseguiu eleger-se, faltando-lhe apenas 59 votos. Ficou na primeira supl\u00eancia, pois, o Partido Democrata Crist\u00e3o elegeu Ney Braga como deputado federal; e para deputados estaduais foram eleitos: o Pe. Valdomiro Haneiko, o major \u201cexpedicion\u00e1rio\u201d Agostinho Rodrigues e o Capit\u00e3o Eduardo Machado Lima (candidato por Campo Mour\u00e3o).<\/p>\n<p>Dois anos depois (1960) o PDC elegeu Ney Braga como Governador do Paran\u00e1 e, com a sua sa\u00edda da C\u00e2mara dos Deputados a comunidade ucraniana passou a contar durante dois anos com o mandato de deputado federal do 1\u00ba suplente do PDC, Eng\u00ba. Estefano Mikilita.<\/p>\n<p>Na qualidade de primeiro suplente de dep. estadual, Ambrosio  exerceu o cargo de deputado durante 10 meses, em virtude de licenciamentos dos titulares.<\/p>\n<p>Durante o governo de Ney Braga, Ambrosio foi diretor superintendente da COPASA &#8212; Cia. Parananese de Silos e Armaz\u00e9ns, durante 4 anos e, tamb\u00e9m foi incorporador na cria\u00e7\u00e3o da COHAPAR &#8212; Cia. de Habita\u00e7\u00e3o do Paran\u00e1, da qual foi o primeiro diretor t\u00e9cnico. Durante o governo de Paulo Pimentel, trabalhou como t\u00e9cnico na antiga CODEPAR, que mais tarde foi transformada no Banco de Desenvolvimento do Paran\u00e1 &#8212; BADEP. Ap\u00f3s tr\u00eas anos, pediu demiss\u00e3o dos cargos de Eng\u00ba. Qu\u00edmico do IBPT e de t\u00e9cnico do BADEP para atuar na iniciativa privada, como corretor de im\u00f3veis. Nesse ramo de atividade, foi bem sucedido e trabalhou durante dez anos, at\u00e9 se aposentar no ano de 1980.<\/p>\n<p>Sempre exerceu atividades n\u00e3o remuneradas dentro da comunidade ucraniana. Ap\u00f3s vir residir em Curitiba (em 1961), ocupou v\u00e1rios cargos em diretorias da ent\u00e3o Uni\u00e3o Agr\u00edcola Instrutiva, &#8212; atualmente Sociedade Ucraniana do Brasil &#8211;SUBRAS, exercendo tais fun\u00e7\u00f5es num per\u00edodo superior a trinta anos.<\/p>\n<p>Como cat\u00f3lico praticante, sempre freq\u00fcentou, junto com sua esposa Ada, a igreja de Nossa Senhora Auxiliadora, sita na Rua Martim Afonso, igreja essa na qual o casal recebeu o sacramento do matrim\u00f4nio no ano de 1950. Nessa par\u00f3quia, Ambrosio e sua esposa Ada, exerceram por muitos anos, atividades em diversas fun\u00e7\u00f5es dentro da Comiss\u00e3o Paroquial e em outros setores ligados \u00e0 Igreja Cat\u00f3lica Ucraniana. Como tesoureiro e como presidente da comiss\u00e3o paroquial, Ambrosio colaborou nas obras da constru\u00e7\u00e3o da nova igreja, durante as gest\u00f5es dos p\u00e1rocos Nicolau Iwaniw e Marciano Pensak. Tamb\u00e9m, foi incumbido pelo Revm\u00ba. Pe. Nicolau Iwaniw a providenciar um arquiteto para a elabora\u00e7\u00e3o do projeto da igreja cat\u00f3lica ucraniana do Imaculado Cora\u00e7\u00e3o de Maria, na cidade de Irati, PR, e tamb\u00e9m contratar um engenheiro para elaborar o projeto dos c\u00e1lculos estruturais dessa obra. Na \u00e9poca, o presidente da comiss\u00e3o paroquial em Irati era seu pai, Pedro Choma em cuja gest\u00e3o o belo templo  foi edificado.<\/p>\n<p>A partir de 1961, na gest\u00e3o do p\u00e1roco Pe. Nicolau Mariano Iwaniw, OSBM, Ambrosio tornou-se membro ativo do Comit\u00ea pr\u00f3 Constru\u00e7\u00e3o da Pra\u00e7a Ucr\u00e2nia e do Monumento ao Poeta Taras Schevtchenko em nossa capital. Nessa entidade comunit\u00e1ria, ap\u00f3s a ren\u00fancia do Prof. Eng\u00ba Serafim Voloschen por motivos de sa\u00fade, exerceu as fun\u00e7\u00f5es de secret\u00e1rio por mais de dois anos. A inaugura\u00e7\u00e3o da Pra\u00e7a Ucr\u00e2nia e do Monumento ao Poeta Taras Schevtchenko ocorreu no dia 29 de outubro de 1967, durante o mandato do Prefeito Municipal de Curitiba Eng\u00ba. Omar Sabbag. Durante esse evento, Ambrosio foi o orador representante da comunidade ucraniana.<\/p>\n<p>Aos 70 anos de idade, aconselhado por seus m\u00e9dicos, teve que reduzir suas atiividades funcionais e sociais  por motivos de sa\u00fade e por causa de uma inc\u00f4moda defici\u00eancia auditiva.<\/p>\n","protected":false},"excerpt":{"rendered":"<p>Ambrosio Choma, filho de Pedro e Dorot\u00e9a Szpak Choma, nasceu em Mallet, PR., no dia 10 de dezembro de 1928. Era o segundo filho do casal, tendo como seu irm\u00e3o [&hellip;]<\/p>\n","protected":false},"author":1,"featured_media":0,"parent":623,"menu_order":0,"comment_status":"open","ping_status":"open","template":"","meta":[],"_links":{"self":[{"href":"http:\/\/www.rcub.com.br\/rcub\/wp-json\/wp\/v2\/pages\/913"}],"collection":[{"href":"http:\/\/www.rcub.com.br\/rcub\/wp-json\/wp\/v2\/pages"}],"about":[{"href":"http:\/\/www.rcub.com.br\/rcub\/wp-json\/wp\/v2\/types\/page"}],"author":[{"embeddable":true,"href":"http:\/\/www.rcub.com.br\/rcub\/wp-json\/wp\/v2\/users\/1"}],"replies":[{"embeddable":true,"href":"http:\/\/www.rcub.com.br\/rcub\/wp-json\/wp\/v2\/comments?post=913"}],"version-history":[{"count":1,"href":"http:\/\/www.rcub.com.br\/rcub\/wp-json\/wp\/v2\/pages\/913\/revisions"}],"predecessor-version":[{"id":914,"href":"http:\/\/www.rcub.com.br\/rcub\/wp-json\/wp\/v2\/pages\/913\/revisions\/914"}],"up":[{"embeddable":true,"href":"http:\/\/www.rcub.com.br\/rcub\/wp-json\/wp\/v2\/pages\/623"}],"wp:attachment":[{"href":"http:\/\/www.rcub.com.br\/rcub\/wp-json\/wp\/v2\/media?parent=913"}],"curies":[{"name":"wp","href":"https:\/\/api.w.org\/{rel}","templated":true}]}}